{"id":160,"date":"2024-03-02T21:19:57","date_gmt":"2024-03-03T00:19:57","guid":{"rendered":"https:\/\/regional3.sbenbio.org.br\/?page_id=160"},"modified":"2025-03-18T08:08:46","modified_gmt":"2025-03-18T11:08:46","slug":"160-2","status":"publish","type":"page","link":"https:\/\/regional3.sbenbio.org.br\/index.php\/160-2\/","title":{"rendered":"ENEBIO"},"content":{"rendered":"<p>[et_pb_section fb_built=&#8221;1&#8243; _builder_version=&#8221;4.24.1&#8243; _module_preset=&#8221;default&#8221; global_colors_info=&#8221;{}&#8221;][et_pb_row _builder_version=&#8221;4.24.1&#8243; _module_preset=&#8221;default&#8221; global_colors_info=&#8221;{}&#8221;][et_pb_column type=&#8221;4_4&#8243; _builder_version=&#8221;4.24.1&#8243; _module_preset=&#8221;default&#8221; global_colors_info=&#8221;{}&#8221;][et_pb_text _builder_version=&#8221;4.24.1&#8243; _module_preset=&#8221;default&#8221; text_font=&#8221;|800|||||||&#8221; text_text_color=&#8221;#7CDA24&#8243; header_font=&#8221;|800|||||||&#8221; header_text_color=&#8221;#4e8917&#8243; header_font_size=&#8221;33px&#8221; header_font_size_tablet=&#8221;28px&#8221; header_font_size_phone=&#8221;23px&#8221; header_font_size_last_edited=&#8221;on|desktop&#8221; global_colors_info=&#8221;{}&#8221;]<\/p>\n<h1>EREBIO<\/h1>\n<p>[\/et_pb_text][\/et_pb_column][\/et_pb_row][et_pb_row _builder_version=&#8221;4.24.1&#8243; _module_preset=&#8221;default&#8221; global_colors_info=&#8221;{}&#8221;][et_pb_column type=&#8221;4_4&#8243; _builder_version=&#8221;4.24.1&#8243; _module_preset=&#8221;default&#8221; global_colors_info=&#8221;{}&#8221;][et_pb_toggle title=&#8221;IX EREBIO SUL &#8211; 2023&#8243; open=&#8221;on&#8221; open_toggle_text_color=&#8221;#297a14&#8243; open_toggle_background_color=&#8221;rgba(143,216,60,0.04)&#8221; closed_toggle_background_color=&#8221;rgba(143,216,60,0.28)&#8221; icon_color=&#8221;#297a14&#8243; toggle_icon=&#8221;&#xf067;||fa||900&#8243; open_icon_color=&#8221;#297a14&#8243; admin_label=&#8221;DIRETORIA&#8221; _builder_version=&#8221;4.24.1&#8243; _module_preset=&#8221;default&#8221; title_text_color=&#8221;#297a14&#8243; title_font=&#8221;|800|||||||&#8221; border_width_all=&#8221;0px&#8221; global_colors_info=&#8221;{}&#8221;]<\/p>\n<p>IX EREBIO SUL \u2013 2023 (evento h\u00edbrido)<\/p>\n<p><strong>Local:<\/strong> Unidavi\/ Rio do Sul &#8211; SC<br \/><strong><\/strong><\/p>\n<p><strong>Data:<\/strong> 09 a 11 de novembro de 2023.<\/p>\n<p><strong>Tema:<\/strong> \u201cEduca\u00e7\u00e3o Cient\u00edfica: um fazer emancipat\u00f3rio na Educa\u00e7\u00e3o em Ci\u00eancias\u201d<br \/>Evento paralelo: IV Simp\u00f3sio Catarinense de Educa\u00e7\u00e3o em Ci\u00eancias<\/p>\n<p><strong>Participantes:<\/strong> 508 (120 presenciais\/ 388 onlines)<\/p>\n<p><strong>Trabalhos inscritos para sele\u00e7\u00e3o:<\/strong> 212<br \/><strong><\/strong><\/p>\n<p><strong>Trabalhos selecionados:<\/strong> 209 <br \/><strong><\/strong><\/p>\n<p><strong>N\u00famero de apresenta\u00e7\u00f5es:<\/strong> 198<\/p>\n<p><strong>Paineis \/ Mesas-redondas:<\/strong> 3<br \/><strong><\/strong><\/p>\n<p><strong>Confer\u00eancias:<\/strong> 1<br \/><strong>Tipos de sess\u00f5es:<\/strong> Palestra, Di\u00e1logos Cient\u00edficos, Comunica\u00e7\u00f5es orais.<\/p>\n<p><strong>Apoio \/ financiamento:<\/strong> FAPESC<\/p>\n<p>&nbsp;<\/p>\n<p align=\"left\" style=\"orphans: 2; widows: 2; margin-bottom: 0cm;\"><strong>Baixar o livro do evento<\/strong><\/p>\n<p align=\"left\" style=\"orphans: 2; widows: 2; margin-bottom: 0cm;\"><a href=\"https:\/\/www.even3.com.br\/anais\/secec_erebiosul2023\/\"><img loading=\"lazy\" decoding=\"async\" src=\"https:\/\/regional3.sbenbio.org.br\/wp-content\/uploads\/2024\/03\/bt_baixar.png\" width=\"273\" height=\"74\" alt=\"\" class=\"wp-image-216 alignnone size-full\" \/> <\/a><\/p>\n<p>[\/et_pb_toggle][et_pb_toggle title=&#8221;IX EREBIO SUL &#8211; 2019&#8243; open=&#8221;on&#8221; open_toggle_text_color=&#8221;#297a14&#8243; open_toggle_background_color=&#8221;rgba(143,216,60,0.04)&#8221; closed_toggle_background_color=&#8221;rgba(143,216,60,0.28)&#8221; icon_color=&#8221;#297a14&#8243; toggle_icon=&#8221;&#xf067;||fa||900&#8243; open_icon_color=&#8221;#297a14&#8243; admin_label=&#8221;DIRETORIA&#8221; _builder_version=&#8221;4.24.1&#8243; _module_preset=&#8221;default&#8221; title_text_color=&#8221;#297a14&#8243; title_font=&#8221;|800|||||||&#8221; border_width_all=&#8221;0px&#8221; global_colors_info=&#8221;{}&#8221;]<\/p>\n<p align=\"left\" style=\"orphans: 2; widows: 2; margin-bottom: 0cm;\"><strong>Local:<\/strong> Universidade Federal de Santa Maria \/ Universidade Franciscana<\/p>\n<p align=\"left\" style=\"orphans: 2; widows: 2; margin-bottom: 0cm;\"><strong>Data:<\/strong> 15 a 17 de outubro de 2019.<\/p>\n<p align=\"left\" style=\"orphans: 2; widows: 2; margin-bottom: 0cm;\"><strong>Tema:<\/strong> \u201cVidas em Re-uni\u00e3o: biologia em todos os sentidos\u201d<\/p>\n<p align=\"left\" style=\"orphans: 2; widows: 2; margin-bottom: 0cm;\"><strong>Participantes:<\/strong> 285<\/p>\n<p align=\"left\" style=\"orphans: 2; widows: 2; margin-bottom: 0cm;\"><strong>Trabalhos selecionados:<\/strong> 189<\/p>\n<p align=\"left\" style=\"orphans: 2; widows: 2; margin-bottom: 0cm;\"><strong>N\u00famero de comunica\u00e7\u00f5es orais:<\/strong> 107<\/p>\n<p align=\"left\" style=\"orphans: 2; widows: 2; margin-bottom: 0cm;\"><strong>N\u00famero de apresenta\u00e7\u00f5es:<\/strong> 82<\/p>\n<p align=\"left\" style=\"orphans: 2; widows: 2; margin-bottom: 0cm;\"><strong>Oficinas \/ Minicursos:<\/strong> 07<\/p>\n<p align=\"left\" style=\"orphans: 2; widows: 2; margin-bottom: 0cm;\"><strong>Paineis \/ Mesas-redondas:<\/strong> 03<\/p>\n<p align=\"left\" style=\"orphans: 2; widows: 2; margin-bottom: 0cm;\"><strong>Confer\u00eancias:<\/strong> 01<\/p>\n<p align=\"left\" style=\"orphans: 2; widows: 2; margin-bottom: 0cm;\"><strong>Tipos de divis\u00e3o:<\/strong> Comunica\u00e7\u00e3o Oral, P\u00f4ster, Painel e Interface, Oficinas<\/p>\n<p align=\"left\" style=\"orphans: 2; widows: 2; margin-bottom: 0cm;\"><strong>Baixar o livro do evento<\/strong><\/p>\n<p align=\"left\" style=\"orphans: 2; widows: 2; margin-bottom: 0cm;\"><a href=\"https:\/\/regional3.sbenbio.org.br\/publicacoes\/ix_erebiosul_2019.pdf\"><img loading=\"lazy\" decoding=\"async\" src=\"https:\/\/regional3.sbenbio.org.br\/wp-content\/uploads\/2024\/03\/bt_baixar.png\" width=\"273\" height=\"74\" alt=\"\" class=\"wp-image-216 alignnone size-full\" \/> <\/a><\/p>\n<p>[\/et_pb_toggle][et_pb_toggle title=&#8221;VIII EREBIO SUL &#8211; 2016&#8243; open_toggle_text_color=&#8221;#297a14&#8243; open_toggle_background_color=&#8221;rgba(143,216,60,0.04)&#8221; closed_toggle_background_color=&#8221;rgba(143,216,60,0.28)&#8221; icon_color=&#8221;#297a14&#8243; toggle_icon=&#8221;&#xf067;||fa||900&#8243; open_icon_color=&#8221;#297a14&#8243; admin_label=&#8221;DIRETORIA&#8221; _builder_version=&#8221;4.24.1&#8243; _module_preset=&#8221;default&#8221; title_text_color=&#8221;#297a14&#8243; title_font=&#8221;|800|||||||&#8221; border_width_all=&#8221;0px&#8221; global_colors_info=&#8221;{}&#8221;]<\/p>\n<p align=\"left\" style=\"orphans: 2; widows: 2; margin-bottom: 0cm;\"><strong>Local:<\/strong> Universidade Estadual de Maring\u00e1<\/p>\n<p align=\"left\" style=\"orphans: 2; widows: 2; margin-bottom: 0cm;\"><strong>Data:<\/strong> 03 a 06 de outubro de 2016.<\/p>\n<p align=\"left\" style=\"orphans: 2; widows: 2; margin-bottom: 0cm;\"><strong>Tema:<\/strong> \u201cPol\u00edticas P\u00fablicas Educacionais \u2013 Impactos e Propostas ao Ensino de Biologia\u201d<\/p>\n<p align=\"left\" style=\"orphans: 2; widows: 2; margin-bottom: 0cm;\"><strong>Evento paralelo:<\/strong> VI Encontro Nacional de Ensino de Biologia (ENEBIO)<\/p>\n<p align=\"left\" style=\"orphans: 2; widows: 2; margin-bottom: 0cm;\"><strong>Participantes:<\/strong><\/p>\n<p align=\"left\" style=\"orphans: 2; widows: 2; margin-bottom: 0cm;\"><strong>Trabalhos inscritos para sele\u00e7\u00e3o:<\/strong><\/p>\n<p align=\"left\" style=\"orphans: 2; widows: 2; margin-bottom: 0cm;\"><strong>Trabalhos selecionados:<\/strong><\/p>\n<p align=\"left\" style=\"orphans: 2; widows: 2; margin-bottom: 0cm;\"><strong>N\u00famero de comunica\u00e7\u00f5es orais:<\/strong><\/p>\n<p align=\"left\" style=\"orphans: 2; widows: 2; margin-bottom: 0cm;\"><strong>N\u00famero de apresenta\u00e7\u00f5es:<\/strong><\/p>\n<p align=\"left\" style=\"orphans: 2; widows: 2; margin-bottom: 0cm;\"><strong>Oficinas \/ Minicursos:<\/strong><\/p>\n<p align=\"left\" style=\"orphans: 2; widows: 2; margin-bottom: 0cm;\"><strong>Paineis \/ Mesas-redondas:<\/strong><\/p>\n<p align=\"left\" style=\"orphans: 2; widows: 2; margin-bottom: 0cm;\"><strong>Confer\u00eancias:<\/strong><\/p>\n<p align=\"left\" style=\"orphans: 2; widows: 2; margin-bottom: 0cm;\"><strong>Tipos de sess\u00f5es:<\/strong> Comunica\u00e7\u00e3o Oral, P\u00f4ster, Painel e entrevistas, Oficinas.<\/p>\n<p align=\"left\" style=\"orphans: 2; widows: 2; margin-bottom: 0cm;\"><strong>Apoio \/ financiamento:<\/strong> SBEnBio, UEM, CNPq, CAPES, Governo do Estado do Paran\u00e1, Prefeitura de Maring\u00e1, Caixa Econ\u00f4mica Federal<\/p>\n<p align=\"left\" style=\"orphans: 2; widows: 2; margin-bottom: 0cm;\"><strong>Baixar o livro do evento<\/strong><\/p>\n<p align=\"left\" style=\"orphans: 2; widows: 2; margin-bottom: 0cm;\"><a href=\"https:\/\/regional3.sbenbio.org.br\/publicacoes\/viii_erebiosul_2016.pdf\" target=\"_blank\" rel=\"noopener\"><img loading=\"lazy\" decoding=\"async\" src=\"https:\/\/regional3.sbenbio.org.br\/wp-content\/uploads\/2024\/03\/bt_baixar.png\" width=\"273\" height=\"74\" alt=\"\" class=\"wp-image-216 alignnone size-full\" \/><\/a><\/p>\n<p>[\/et_pb_toggle][et_pb_toggle title=&#8221;VII EREBIO SUL &#8211; 2015&#8243; open_toggle_text_color=&#8221;#297a14&#8243; open_toggle_background_color=&#8221;rgba(143,216,60,0.04)&#8221; closed_toggle_background_color=&#8221;rgba(143,216,60,0.28)&#8221; icon_color=&#8221;#297a14&#8243; toggle_icon=&#8221;&#xf067;||fa||900&#8243; open_icon_color=&#8221;#297a14&#8243; admin_label=&#8221;DIRETORIA&#8221; _builder_version=&#8221;4.24.1&#8243; _module_preset=&#8221;default&#8221; title_text_color=&#8221;#297a14&#8243; title_font=&#8221;|800|||||||&#8221; border_width_all=&#8221;0px&#8221; global_colors_info=&#8221;{}&#8221;]<\/p>\n<p align=\"left\" style=\"orphans: 2; widows: 2; margin-bottom: 0cm;\"><strong>Local:<\/strong> Universidade do Extremo Sul Catarinense \u2013 UNESC Crici\u00fama \/ SC<\/p>\n<p align=\"left\" style=\"orphans: 2; widows: 2; margin-bottom: 0cm;\"><strong>Data:<\/strong> 08, 09 e 10 de setembro de 2015<\/p>\n<p align=\"left\" style=\"orphans: 2; widows: 2; margin-bottom: 0cm;\"><strong>Tema:<\/strong> \u201cA forma\u00e7\u00e3o \u00e0 pr\u00e1tica no ensino de ci\u00eancias e biologia: desafios a superar\u201d<\/p>\n<p align=\"left\" style=\"orphans: 2; widows: 2; margin-bottom: 0cm;\"><strong>Evento paralelo:<\/strong> Semana Acad\u00eamica de Ci\u00eancias Biol\u00f3gicas<\/p>\n<p align=\"left\" style=\"orphans: 2; widows: 2; margin-bottom: 0cm;\"><strong>Participantes:<\/strong><\/p>\n<p align=\"left\" style=\"orphans: 2; widows: 2; margin-bottom: 0cm;\"><strong>Trabalhos inscritos para sele\u00e7\u00e3o:<\/strong><\/p>\n<p align=\"left\" style=\"orphans: 2; widows: 2; margin-bottom: 0cm;\"><strong>Trabalhos selecionados:<\/strong><\/p>\n<p align=\"left\" style=\"orphans: 2; widows: 2; margin-bottom: 0cm;\"><strong>N\u00famero de comunica\u00e7\u00f5es orais:<\/strong> 65<\/p>\n<p align=\"left\" style=\"orphans: 2; widows: 2; margin-bottom: 0cm;\"><strong>N\u00famero de apresenta\u00e7\u00f5es:<\/strong> 38<\/p>\n<p align=\"left\" style=\"orphans: 2; widows: 2; margin-bottom: 0cm;\"><strong>Oficinas \/ Minicursos:<\/strong> 23<\/p>\n<p align=\"left\" style=\"orphans: 2; widows: 2; margin-bottom: 0cm;\"><strong>Paineis \/ Mesas-redondas:<\/strong> 05<\/p>\n<p align=\"left\" style=\"orphans: 2; widows: 2; margin-bottom: 0cm;\"><strong>Confer\u00eancias:<\/strong> 01<\/p>\n<p align=\"left\" style=\"orphans: 2; widows: 2; margin-bottom: 0cm;\"><strong>Tipos de sess\u00f5es:<\/strong> Comunica\u00e7\u00e3o Oral, P\u00f4ster, Painel e entrevistas, Oficinas.<\/p>\n<p align=\"left\" style=\"orphans: 2; widows: 2; margin-bottom: 0cm;\"><strong>Apoio \/ financiamento:<\/strong> SBEnBio, UNESC, UFSC, CAPES, CNPq, Prodoc\u00eancia, Parfor, Pibid<\/p>\n<p align=\"left\" style=\"orphans: 2; widows: 2; margin-bottom: 0cm;\"><strong>Baixar o livro do evento:\u00a0<\/strong><\/p>\n<p align=\"left\" style=\"orphans: 2; widows: 2; margin-bottom: 0cm;\"><a href=\"https:\/\/regional3.sbenbio.org.br\/publicacoes\/vii_erebio_sul_2015.pdf\" target=\"_blank\" rel=\"noopener\"><strong><img loading=\"lazy\" decoding=\"async\" src=\"https:\/\/regional3.sbenbio.org.br\/wp-content\/uploads\/2024\/03\/bt_baixar.png\" width=\"273\" height=\"74\" alt=\"\" class=\"wp-image-216 alignnone size-full\" \/><\/strong><\/a><\/p>\n<p align=\"left\" style=\"orphans: 2; widows: 2; margin-bottom: 0cm;\">[\/et_pb_toggle][et_pb_toggle title=&#8221;VI EREBIO SUL &#8211; 2013&#8243; open_toggle_text_color=&#8221;#297a14&#8243; open_toggle_background_color=&#8221;rgba(143,216,60,0.04)&#8221; closed_toggle_background_color=&#8221;rgba(143,216,60,0.28)&#8221; icon_color=&#8221;#297a14&#8243; toggle_icon=&#8221;&#xf067;||fa||900&#8243; open_icon_color=&#8221;#297a14&#8243; admin_label=&#8221;DIRETORIA&#8221; _builder_version=&#8221;4.24.1&#8243; _module_preset=&#8221;default&#8221; title_text_color=&#8221;#297a14&#8243; title_font=&#8221;|800|||||||&#8221; border_width_all=&#8221;0px&#8221; global_colors_info=&#8221;{}&#8221;]<\/p>\n<p align=\"left\" style=\"orphans: 2; widows: 2; margin-bottom: 0cm;\"><strong>Local:<\/strong> Universidade Regional Integrada do Alto Uruguai e das Miss\u00f5es \u2013 URI Santo \u00c2ngelo<\/p>\n<p align=\"left\" style=\"orphans: 2; widows: 2; margin-bottom: 0cm;\"><strong>Data:<\/strong> 22, 23 e 24 de maio de 2013<\/p>\n<p align=\"left\" style=\"orphans: 2; widows: 2; margin-bottom: 0cm;\"><strong>Tema:<\/strong> \u201cA doc\u00eancia em biologia: da forma\u00e7\u00e3o inicial \u00e0 forma\u00e7\u00e3o continuada tecendo a CTSA\u201d<\/p>\n<p align=\"left\" style=\"orphans: 2; widows: 2; margin-bottom: 0cm;\"><strong>Evento paralelo:<\/strong> XVI Semana Acad\u00eamica de Ci\u00eancias Biol\u00f3gicas<\/p>\n<p align=\"left\" style=\"orphans: 2; widows: 2; margin-bottom: 0cm;\"><strong>Participantes:<\/strong> 452<\/p>\n<p align=\"left\" style=\"orphans: 2; widows: 2; margin-bottom: 0cm;\"><strong>Trabalhos inscritos para sele\u00e7\u00e3o:<\/strong> 254<\/p>\n<p align=\"left\" style=\"orphans: 2; widows: 2; margin-bottom: 0cm;\"><strong>Trabalhos selecionados:<\/strong> 226<\/p>\n<p align=\"left\" style=\"orphans: 2; widows: 2; margin-bottom: 0cm;\"><strong>N\u00famero de comunica\u00e7\u00f5es orais:<\/strong> 113<\/p>\n<p align=\"left\" style=\"orphans: 2; widows: 2; margin-bottom: 0cm;\"><strong>N\u00famero de apresenta\u00e7\u00f5es:<\/strong> 113<\/p>\n<p align=\"left\" style=\"orphans: 2; widows: 2; margin-bottom: 0cm;\"><strong>Oficinas:<\/strong> 19<\/p>\n<p align=\"left\" style=\"orphans: 2; widows: 2; margin-bottom: 0cm;\"><strong>Paineis:<\/strong> 1<\/p>\n<p align=\"left\" style=\"orphans: 2; widows: 2; margin-bottom: 0cm;\"><strong>Confer\u00eancias:<\/strong> 2<\/p>\n<p align=\"left\" style=\"orphans: 2; widows: 2; margin-bottom: 0cm;\"><strong>Tipos de sess\u00f5es:<\/strong> Comunica\u00e7\u00e3o Oral, P\u00f4ster, Painel e entrevistas, Oficinas.<\/p>\n<p align=\"left\" style=\"orphans: 2; widows: 2; margin-bottom: 0cm;\"><strong>Apoio \/ financiamento:<\/strong> SBEnBio, Uniju\u00ed e Uffs \/ Capes e Cnpq<\/p>\n<p align=\"left\" style=\"orphans: 2; widows: 2; margin-bottom: 0cm;\"><strong>Baixar o livro do evento<\/strong><\/p>\n<p align=\"left\" style=\"orphans: 2; widows: 2; margin-bottom: 0cm;\"><a href=\"https:\/\/san.uri.br\/sites\/anais\/erebio2013\/\" target=\"_blank\" rel=\"noopener\"><img loading=\"lazy\" decoding=\"async\" src=\"https:\/\/regional3.sbenbio.org.br\/wp-content\/uploads\/2024\/03\/bt_baixar.png\" width=\"273\" height=\"74\" alt=\"\" class=\"wp-image-216 alignnone size-full\" \/><\/a><\/p>\n<p>[\/et_pb_toggle][et_pb_toggle title=&#8221;V EREBIO SUL &#8211; 2011&#8243; open_toggle_text_color=&#8221;#297a14&#8243; open_toggle_background_color=&#8221;rgba(143,216,60,0.04)&#8221; closed_toggle_background_color=&#8221;rgba(143,216,60,0.28)&#8221; icon_color=&#8221;#297a14&#8243; toggle_icon=&#8221;&#xf067;||fa||900&#8243; open_icon_color=&#8221;#297a14&#8243; admin_label=&#8221;DIRETORIA&#8221; _builder_version=&#8221;4.24.1&#8243; _module_preset=&#8221;default&#8221; title_text_color=&#8221;#297a14&#8243; title_font=&#8221;|800|||||||&#8221; border_width_all=&#8221;0px&#8221; global_colors_info=&#8221;{}&#8221;]<\/p>\n<p align=\"left\" style=\"orphans: 2; widows: 2; margin-bottom: 0cm;\"><strong>Local:<\/strong> Universidade Estadual de Londrina, Londrina, PR<\/p>\n<p align=\"left\" style=\"orphans: 2; widows: 2; margin-bottom: 0cm;\"><strong>Data:<\/strong> 18 a 21 de setembro de 2011<\/p>\n<p align=\"left\" style=\"orphans: 2; widows: 2; margin-bottom: 0cm;\"><strong>Tema:<\/strong> Os Desafios da Ci\u00eancia Entremeando Culturas<\/p>\n<p align=\"left\" style=\"orphans: 2; widows: 2; margin-bottom: 0cm;\"><strong>Evento paralelo:<\/strong> IV Simp\u00f3sio Latino Americano e Caribenho de Educa\u00e7\u00e3o em Ci\u00eancias promovidas pelo ICASE (Conselho Internacional de Associa\u00e7\u00f5es de Ensino de Ci\u00eancias)<\/p>\n<p align=\"left\" style=\"orphans: 2; widows: 2; margin-bottom: 0cm;\"><strong>Participantes:<\/strong> 912<\/p>\n<p align=\"left\" style=\"orphans: 2; widows: 2; margin-bottom: 0cm;\"><strong>Trabalhos inscritos para sele\u00e7\u00e3o:<\/strong> 380<\/p>\n<p align=\"left\" style=\"orphans: 2; widows: 2; margin-bottom: 0cm;\"><strong>Trabalhos selecionados:<\/strong> 251<\/p>\n<p align=\"left\" style=\"orphans: 2; widows: 2; margin-bottom: 0cm;\"><strong>N\u00famero de comunica\u00e7\u00f5es orais:<\/strong> 156<\/p>\n<p align=\"left\" style=\"orphans: 2; widows: 2; margin-bottom: 0cm;\"><strong>N\u00famero de apresenta\u00e7\u00f5es:<\/strong> 95<\/p>\n<p align=\"left\" style=\"orphans: 2; widows: 2; margin-bottom: 0cm;\"><strong>Minicursos:<\/strong> 30<\/p>\n<p align=\"left\" style=\"orphans: 2; widows: 2; margin-bottom: 0cm;\"><strong>Mesas-redonda:<\/strong> 05<\/p>\n<p align=\"left\" style=\"orphans: 2; widows: 2; margin-bottom: 0cm;\"><strong>Tipos de sess\u00f5es:<\/strong> Comunica\u00e7\u00e3o Oral, P\u00f4ster, Mesas Redondas, Mini-cursos.<\/p>\n<p align=\"left\" style=\"orphans: 2; widows: 2; margin-bottom: 0cm;\"><strong>Apoio \/ financiamento:<\/strong> Funda\u00e7\u00e3o Arauc\u00e1ria, Capes, CNPQ<\/p>\n<p align=\"left\" style=\"orphans: 2; widows: 2; margin-bottom: 0cm;\"><strong>Baixar o livro do evento<\/strong><\/p>\n<p align=\"left\" style=\"orphans: 2; widows: 2; margin-bottom: 0cm;\"><a href=\"https:\/\/regional3.sbenbio.org.br\/publicacoes\/v_erebio_sul_2011.zip\" target=\"_blank\" rel=\"noopener\"><img loading=\"lazy\" decoding=\"async\" src=\"https:\/\/regional3.sbenbio.org.br\/wp-content\/uploads\/2024\/03\/bt_baixar.png\" width=\"273\" height=\"74\" alt=\"\" class=\"wp-image-216 alignnone size-full\" \/><\/a><\/p>\n<p>[\/et_pb_toggle][et_pb_toggle title=&#8221;IV EREBIO SUL &#8211; 2010&#8243; open_toggle_text_color=&#8221;#297a14&#8243; open_toggle_background_color=&#8221;rgba(143,216,60,0.04)&#8221; closed_toggle_background_color=&#8221;rgba(143,216,60,0.28)&#8221; icon_color=&#8221;#297a14&#8243; toggle_icon=&#8221;&#xf067;||fa||900&#8243; open_icon_color=&#8221;#297a14&#8243; admin_label=&#8221;DIRETORIA&#8221; _builder_version=&#8221;4.24.1&#8243; _module_preset=&#8221;default&#8221; title_text_color=&#8221;#297a14&#8243; title_font=&#8221;|800|||||||&#8221; border_width_all=&#8221;0px&#8221; global_colors_info=&#8221;{}&#8221;]<\/p>\n<p align=\"left\" style=\"orphans: 2; widows: 2; margin-bottom: 0cm;\"><strong>Local:<\/strong> UNOCHAPEC\u00d3, Chapec\u00f3, SC<\/p>\n<p align=\"left\" style=\"orphans: 2; widows: 2; margin-bottom: 0cm;\"><strong>Data:<\/strong> 17 a 19 de maio de 2010<\/p>\n<p align=\"left\" style=\"orphans: 2; widows: 2; margin-bottom: 0cm;\"><strong>Tema:<\/strong> Pesquisa e forma\u00e7\u00e3o de professores: desafios atuais<\/p>\n<p align=\"left\" style=\"orphans: 2; widows: 2; margin-bottom: 0cm;\"><strong>Evento paralelo:<\/strong> V Encontro Regional sobe o Ensino de Ci\u00eancias e Biologia<\/p>\n<p align=\"left\" style=\"orphans: 2; widows: 2; margin-bottom: 0cm;\"><strong>Participantes:<\/strong> 243 inscri\u00e7\u00f5es.<\/p>\n<p align=\"left\" style=\"orphans: 2; widows: 2; margin-bottom: 0cm;\"><strong>Trabalhos inscritos para sele\u00e7\u00e3o:<\/strong> 67 trabalhos aplicados<\/p>\n<p align=\"left\" style=\"orphans: 2; widows: 2; margin-bottom: 0cm;\"><strong>Trabalhos selecionados:<\/strong> 47 trabalhos aprovados<\/p>\n<p align=\"left\" style=\"orphans: 2; widows: 2; margin-bottom: 0cm;\"><strong>N\u00famero de comunica\u00e7\u00f5es orais:<\/strong> 10 sess\u00f5es<\/p>\n<p align=\"left\" style=\"orphans: 2; widows: 2; margin-bottom: 0cm;\"><strong>N\u00famero de apresenta\u00e7\u00f5es:<\/strong> 8<\/p>\n<p align=\"left\" style=\"orphans: 2; widows: 2; margin-bottom: 0cm;\"><strong>Minicursos:<\/strong> 5<\/p>\n<p align=\"left\" style=\"orphans: 2; widows: 2; margin-bottom: 0cm;\"><strong>Oficinas:<\/strong> 9<\/p>\n<p align=\"left\" style=\"orphans: 2; widows: 2; margin-bottom: 0cm;\"><strong>Tipos de sess\u00f5es:<\/strong> comunica\u00e7\u00f5es orais, apresenta\u00e7\u00f5es de p\u00f4steres, confer\u00eancias, pain\u00e9is tem\u00e1ticos, minicursos, oficinas, visitas orientadas.<\/p>\n<p align=\"left\" style=\"orphans: 2; widows: 2; margin-bottom: 0cm;\"><strong>Apoio \/ financiamento:<\/strong> Associa\u00e7\u00e3o Brasileira de Ensino de Biologia [SBEnBio]<\/p>\n<p align=\"left\" style=\"orphans: 2; widows: 2; margin-bottom: 0cm;\">Funda\u00e7\u00e3o de Amparo \u00e0 Pesquisa e Inova\u00e7\u00e3o do Estado de Santa Catarina (FAPESC), Vice-Reitoria de Ensino, Pesquisa e Extens\u00e3o (Unochapec\u00f3), Centro de Ci\u00eancias Agro-ambientais e de Alimentos (CCAA- Unochapec\u00f3), Conselho Regional de Biologia 3\u00aa Regi\u00e3o .<\/p>\n<p align=\"left\" style=\"orphans: 2; widows: 2; margin-bottom: 0cm;\"><strong>Baixar o livro do evento:<\/strong> IV EREbio Sul\u00a0<\/p>\n<p align=\"left\" style=\"orphans: 2; widows: 2; margin-bottom: 0cm;\"><a href=\"https:\/\/regional3.sbenbio.org.br\/publicacoes\/iv_erebio_sul_2010.zip\" target=\"_blank\" rel=\"noopener\"><img loading=\"lazy\" decoding=\"async\" src=\"https:\/\/regional3.sbenbio.org.br\/wp-content\/uploads\/2024\/03\/bt_baixar.png\" width=\"273\" height=\"74\" alt=\"\" class=\"wp-image-216 alignnone size-full\" \/><\/a><\/p>\n<p>[\/et_pb_toggle][et_pb_toggle title=&#8221;III EREBIO SUL &#8211; 2008&#8243; open_toggle_text_color=&#8221;#297a14&#8243; open_toggle_background_color=&#8221;rgba(143,216,60,0.04)&#8221; closed_toggle_background_color=&#8221;rgba(143,216,60,0.28)&#8221; icon_color=&#8221;#297a14&#8243; toggle_icon=&#8221;&#xf067;||fa||900&#8243; open_icon_color=&#8221;#297a14&#8243; admin_label=&#8221;DIRETORIA&#8221; _builder_version=&#8221;4.24.1&#8243; _module_preset=&#8221;default&#8221; title_text_color=&#8221;#297a14&#8243; title_font=&#8221;|800|||||||&#8221; border_width_all=&#8221;0px&#8221; global_colors_info=&#8221;{}&#8221;]<\/p>\n<p align=\"left\" style=\"orphans: 2; widows: 2; margin-bottom: 0cm;\"><strong>Local:<\/strong> UNIJU\u00cd, Iju\u00ed, RS<\/p>\n<p align=\"left\" style=\"orphans: 2; widows: 2; margin-bottom: 0cm;\"><strong>Dados:<\/strong> 08 a 11\/10\/2008<\/p>\n<p align=\"left\" style=\"orphans: 2; widows: 2; margin-bottom: 0cm;\"><strong>Tema:<\/strong> A Biologia na Regi\u00e3o Sul: Di\u00e1logo de Saberes na Forma\u00e7\u00e3o de Professores<\/p>\n<p align=\"left\" style=\"orphans: 2; widows: 2; margin-bottom: 0cm;\"><strong>Evento paralelo:<\/strong> VIII Investiga\u00e7\u00e3o na Escola<\/p>\n<p align=\"left\" style=\"orphans: 2; widows: 2; margin-bottom: 0cm;\"><strong>Participantes:<\/strong> 300<\/p>\n<p align=\"left\" style=\"orphans: 2; widows: 2; margin-bottom: 0cm;\"><strong>Trabalhos inscritos para sele\u00e7\u00e3o:<\/strong> 130<\/p>\n<p align=\"left\" style=\"orphans: 2; widows: 2; margin-bottom: 0cm;\"><strong>Trabalhos selecionados:<\/strong> 74<\/p>\n<p align=\"left\" style=\"orphans: 2; widows: 2; margin-bottom: 0cm;\"><strong>N\u00famero de comunica\u00e7\u00f5es orais:<\/strong> 49<\/p>\n<p align=\"left\" style=\"orphans: 2; widows: 2; margin-bottom: 0cm;\"><strong>N\u00famero de apresenta\u00e7\u00f5es:<\/strong> 25<\/p>\n<p align=\"left\" style=\"orphans: 2; widows: 2; margin-bottom: 0cm;\"><strong>Minicursos:<\/strong> 10<\/p>\n<p align=\"left\" style=\"orphans: 2; widows: 2; margin-bottom: 0cm;\"><strong>Oficinas:<\/strong> 10<\/p>\n<p align=\"left\" style=\"orphans: 2; widows: 2; margin-bottom: 0cm;\"><strong>Tipos de sess\u00f5es:<\/strong> quatro mesas redondas<\/p>\n<p align=\"left\" style=\"orphans: 2; widows: 2; margin-bottom: 0cm;\"><strong>Apoio \/ financiamento:<\/strong> FAPERGS, Secretaria Municipal de Educa\u00e7\u00e3o de Giru\u00e1, FINEP.<\/p>\n<p align=\"left\" style=\"orphans: 2; widows: 2; margin-bottom: 0cm;\"><strong>Observa\u00e7\u00f5es:<\/strong> No VIII Investiga\u00e7\u00e3o na Escola foram inscritos 157 trabalhos: 49 sobre forma\u00e7\u00e3o de professores e 108 sobre curr\u00edculo escolar<\/p>\n<p align=\"left\" style=\"orphans: 2; widows: 2; margin-bottom: 0cm;\">Link para baixar o livro III EREBio Sul 2008 Iju\u00ed: Baixe este CD compactado para seu computador, descompacte em uma pasta exclusiva para os arquivos \/ diret\u00f3rios nele presentes. Ap\u00f3s, para iniciar o CD, clique em \u2018abertura.exe\u2019<\/p>\n<p align=\"left\" style=\"orphans: 2; widows: 2; margin-bottom: 0cm;\"><a href=\"https:\/\/regional3.sbenbio.org.br\/publicacoes\/iii_erebio_sul_2008.zip\" target=\"_blank\" rel=\"noopener\"><img loading=\"lazy\" decoding=\"async\" src=\"https:\/\/regional3.sbenbio.org.br\/wp-content\/uploads\/2024\/03\/bt_baixar.png\" width=\"273\" height=\"74\" alt=\"\" class=\"wp-image-216 alignnone size-full\" \/><\/a><\/p>\n<p>[\/et_pb_toggle][et_pb_toggle title=&#8221;II EREBIO SUL &#8211; 2006&#8243; open_toggle_text_color=&#8221;#297a14&#8243; open_toggle_background_color=&#8221;rgba(143,216,60,0.04)&#8221; closed_toggle_background_color=&#8221;rgba(143,216,60,0.28)&#8221; icon_color=&#8221;#297a14&#8243; toggle_icon=&#8221;&#xf067;||fa||900&#8243; open_icon_color=&#8221;#297a14&#8243; admin_label=&#8221;DIRETORIA&#8221; _builder_version=&#8221;4.24.1&#8243; _module_preset=&#8221;default&#8221; title_text_color=&#8221;#297a14&#8243; title_font=&#8221;|800|||||||&#8221; border_width_all=&#8221;0px&#8221; global_colors_info=&#8221;{}&#8221;]<\/p>\n<p align=\"left\" style=\"orphans: 2; widows: 2; margin-bottom: 0cm;\"><strong>Local:<\/strong> UFSC, Florian\u00f3polis, SC<\/p>\n<p align=\"left\" style=\"orphans: 2; widows: 2; margin-bottom: 0cm;\"><strong>Data:<\/strong> 2 a 4 de novembro de 2006<\/p>\n<p align=\"left\" style=\"orphans: 2; widows: 2; margin-bottom: 0cm;\"><strong>Tema:<\/strong> desafios para a forma\u00e7\u00e3o e atua\u00e7\u00e3o de professores de Ci\u00eancias e Biologia \u201d,<\/p>\n<p align=\"left\" style=\"orphans: 2; widows: 2; margin-bottom: 0cm;\"><strong>Evento paralelo:<\/strong> 3\u00aa Jornada de Licenciatura em Ci\u00eancias Biol\u00f3gicas da UFSC<\/p>\n<p align=\"left\" style=\"orphans: 2; widows: 2; margin-bottom: 0cm;\"><strong>Participantes:<\/strong> aproximadamente 300 participantes<\/p>\n<p align=\"left\" style=\"orphans: 2; widows: 2; margin-bottom: 0cm;\"><strong>Trabalhos inscritos para sele\u00e7\u00e3o:<\/strong> aproximadamente 150<\/p>\n<p align=\"left\" style=\"orphans: 2; widows: 2; margin-bottom: 0cm;\"><strong>Trabalhos selecionados:<\/strong> Aproximadamente 100<\/p>\n<p align=\"left\" style=\"orphans: 2; widows: 2; margin-bottom: 0cm;\"><strong>N\u00famero de comunica\u00e7\u00f5es orais:<\/strong> 41<\/p>\n<p align=\"left\" style=\"orphans: 2; widows: 2; margin-bottom: 0cm;\"><strong>N\u00famero de apresenta\u00e7\u00f5es:<\/strong> 66<\/p>\n<p align=\"left\" style=\"orphans: 2; widows: 2; margin-bottom: 0cm;\"><strong>Minicursos:<\/strong> 10<\/p>\n<p align=\"left\" style=\"orphans: 2; widows: 2; margin-bottom: 0cm;\"><strong>Tipos de sess\u00f5es:<\/strong> comunica\u00e7\u00e3o oral, apresenta\u00e7\u00e3o de p\u00f4steres, confer\u00eancias, mesas redondas, exibi\u00e7\u00e3o de material did\u00e1tico, debates<\/p>\n<p align=\"left\" style=\"orphans: 2; widows: 2; margin-bottom: 0cm;\"><strong>Apoio \/ financiamento:<\/strong> Associa\u00e7\u00e3o Brasileira de Ensino de Biologia [SBEnBio], Curso de Ci\u00eancias Biol\u00f3gicas \u2013 UFSC, Centro de Ci\u00eancias da Educa\u00e7\u00e3o \u2013 UFSC, N\u00facleo de Apoio \u00e0 Divulga\u00e7\u00e3o e Educa\u00e7\u00e3o em Ci\u00eancias [NADEC] \u2013 UFSC, Programa de P\u00f3s-Gradua\u00e7\u00e3o em Educa\u00e7\u00e3o Cient\u00edfica e Tecnol\u00f3gica [PPGECT] \u2013 UFSC, Pr\u00f3-Reitoria de Ensino de Gradua\u00e7\u00e3o \u2013 UFSC, Pr\u00f3-Reitoria de Assuntos Estudantis \u2013 UFSC, Conselho Regional de Biologia 3\u00aa Regi\u00e3o, Livrarias Catarinense, ClickVirtual.<\/p>\n<p align=\"left\" style=\"orphans: 2; widows: 2; margin-bottom: 0cm;\">\n<p align=\"left\" style=\"orphans: 2; widows: 2; margin-bottom: 0cm;\"><strong>Baixar o livro do evento<\/strong><\/p>\n<p align=\"left\" style=\"orphans: 2; widows: 2; margin-bottom: 0cm;\">\n<p align=\"left\" style=\"orphans: 2; widows: 2; margin-bottom: 0cm;\"><a href=\"https:\/\/regional3.sbenbio.org.br\/publicacoes\/ii_erebio_sul_2006.zip\"><img loading=\"lazy\" decoding=\"async\" src=\"https:\/\/regional3.sbenbio.org.br\/wp-content\/uploads\/2024\/03\/bt_baixar.png\" width=\"273\" height=\"74\" alt=\"\" class=\"wp-image-216 alignnone size-full\" \/><\/a><\/p>\n<p>[\/et_pb_toggle][et_pb_toggle title=&#8221;I EREBIO SUL &#8211; 2005&#8243; open_toggle_text_color=&#8221;#297a14&#8243; open_toggle_background_color=&#8221;rgba(143,216,60,0.04)&#8221; closed_toggle_background_color=&#8221;rgba(143,216,60,0.28)&#8221; icon_color=&#8221;#297a14&#8243; toggle_icon=&#8221;&#xf067;||fa||900&#8243; open_icon_color=&#8221;#297a14&#8243; admin_label=&#8221;DIRETORIA&#8221; _builder_version=&#8221;4.24.1&#8243; _module_preset=&#8221;default&#8221; title_text_color=&#8221;#297a14&#8243; title_font=&#8221;|800|||||||&#8221; border_width_all=&#8221;0px&#8221; global_colors_info=&#8221;{}&#8221;]<\/p>\n<p><strong>Local:<\/strong> UFPR, Curitiba, PR<\/p>\n<p><strong>Data:<\/strong> 3 a 7 de outubro de 2005<\/p>\n<p><strong>Tema:<\/strong> Profiss\u00e3o Docente: hist\u00f3ria, saberes e representa\u00e7\u00f5es sociais<\/p>\n<p><strong>Evento paralelo:<\/strong> XIX Semana de Ensino, Pesquisa e Extens\u00e3o da UFPR<\/p>\n<p>Baixar o livro do I EREBioSul 2005:<\/p>\n<p>Baixe este CD compactado para seu computador, descompacte em uma pasta exclusiva para os arquivos \/ diret\u00f3rios nele presentes. Ap\u00f3s, para iniciar o CD, clique em \u2018abertura.exe\u2019<\/p>\n<p>\u00a0<strong>Baixar o livro do evento<\/strong><\/p>\n<p><a href=\"http:\/\/regional3.sbenbio.org.br\/publicacoes\/i_erebiosul_2005.zip\" target=\"_blank\" rel=\"noopener\"><img loading=\"lazy\" decoding=\"async\" src=\"https:\/\/regional3.sbenbio.org.br\/wp-content\/uploads\/2024\/03\/bt_baixar.png\" width=\"273\" height=\"74\" alt=\"\" class=\"wp-image-216 alignnone size-full\" \/><\/a><\/p>\n<p>[\/et_pb_toggle][\/et_pb_column][\/et_pb_row][\/et_pb_section]<\/p>\n","protected":false},"excerpt":{"rendered":"<p>EREBIOIX EREBIO SUL \u2013 2023 (evento h\u00edbrido) Local: Unidavi\/ Rio do Sul &#8211; SC Data: 09 a 11 de novembro de 2023. Tema: \u201cEduca\u00e7\u00e3o Cient\u00edfica: um fazer emancipat\u00f3rio na Educa\u00e7\u00e3o em Ci\u00eancias\u201dEvento paralelo: IV Simp\u00f3sio Catarinense de Educa\u00e7\u00e3o em Ci\u00eancias Participantes: 508 (120 presenciais\/ 388 onlines) Trabalhos inscritos para sele\u00e7\u00e3o: 212 Trabalhos selecionados: 209 N\u00famero [&hellip;]<\/p>\n","protected":false},"author":2,"featured_media":0,"parent":0,"menu_order":0,"comment_status":"closed","ping_status":"closed","template":"","meta":{"_et_pb_use_builder":"on","_et_pb_old_content":"","_et_gb_content_width":"","footnotes":""},"class_list":["post-160","page","type-page","status-publish","hentry"],"_links":{"self":[{"href":"https:\/\/regional3.sbenbio.org.br\/index.php\/wp-json\/wp\/v2\/pages\/160","targetHints":{"allow":["GET"]}}],"collection":[{"href":"https:\/\/regional3.sbenbio.org.br\/index.php\/wp-json\/wp\/v2\/pages"}],"about":[{"href":"https:\/\/regional3.sbenbio.org.br\/index.php\/wp-json\/wp\/v2\/types\/page"}],"author":[{"embeddable":true,"href":"https:\/\/regional3.sbenbio.org.br\/index.php\/wp-json\/wp\/v2\/users\/2"}],"replies":[{"embeddable":true,"href":"https:\/\/regional3.sbenbio.org.br\/index.php\/wp-json\/wp\/v2\/comments?post=160"}],"version-history":[{"count":21,"href":"https:\/\/regional3.sbenbio.org.br\/index.php\/wp-json\/wp\/v2\/pages\/160\/revisions"}],"predecessor-version":[{"id":377,"href":"https:\/\/regional3.sbenbio.org.br\/index.php\/wp-json\/wp\/v2\/pages\/160\/revisions\/377"}],"wp:attachment":[{"href":"https:\/\/regional3.sbenbio.org.br\/index.php\/wp-json\/wp\/v2\/media?parent=160"}],"curies":[{"name":"wp","href":"https:\/\/api.w.org\/{rel}","templated":true}]}}