{"id":142,"date":"2024-03-02T20:40:48","date_gmt":"2024-03-02T23:40:48","guid":{"rendered":"https:\/\/regional3.sbenbio.org.br\/?page_id=142"},"modified":"2026-03-18T10:18:53","modified_gmt":"2026-03-18T13:18:53","slug":"diretoria-regional","status":"publish","type":"page","link":"https:\/\/regional3.sbenbio.org.br\/index.php\/diretoria-regional\/","title":{"rendered":"DIRETORIA"},"content":{"rendered":"<p>[et_pb_section fb_built=&#8221;1&#8243; _builder_version=&#8221;4.24.1&#8243; _module_preset=&#8221;default&#8221; global_colors_info=&#8221;{}&#8221;][et_pb_row _builder_version=&#8221;4.24.1&#8243; _module_preset=&#8221;default&#8221; global_colors_info=&#8221;{}&#8221;][et_pb_column type=&#8221;4_4&#8243; _builder_version=&#8221;4.24.1&#8243; _module_preset=&#8221;default&#8221; global_colors_info=&#8221;{}&#8221;][et_pb_text _builder_version=&#8221;4.24.1&#8243; _module_preset=&#8221;default&#8221; text_font=&#8221;|800|||||||&#8221; text_text_color=&#8221;#7CDA24&#8243; header_font=&#8221;|800|||||||&#8221; header_text_color=&#8221;#4e8917&#8243; header_font_size=&#8221;33px&#8221; header_font_size_tablet=&#8221;28px&#8221; header_font_size_phone=&#8221;23px&#8221; header_font_size_last_edited=&#8221;on|desktop&#8221; global_colors_info=&#8221;{}&#8221;]<\/p>\n<h1>DIRETORIA REGIONAL<\/h1>\n<p>[\/et_pb_text][\/et_pb_column][\/et_pb_row][et_pb_row _builder_version=&#8221;4.24.1&#8243; _module_preset=&#8221;default&#8221; global_colors_info=&#8221;{}&#8221;][et_pb_column type=&#8221;4_4&#8243; _builder_version=&#8221;4.24.1&#8243; _module_preset=&#8221;default&#8221; global_colors_info=&#8221;{}&#8221;][et_pb_toggle title=&#8221;DIRETORIA  2025-2027&#8243; open=&#8221;on&#8221; open_toggle_text_color=&#8221;#297a14&#8243; open_toggle_background_color=&#8221;rgba(143,216,60,0.04)&#8221; closed_toggle_background_color=&#8221;rgba(143,216,60,0.28)&#8221; icon_color=&#8221;#297a14&#8243; toggle_icon=&#8221;&#xf067;||fa||900&#8243; open_icon_color=&#8221;#297a14&#8243; admin_label=&#8221;DIRETORIA&#8221; _builder_version=&#8221;4.24.1&#8243; _module_preset=&#8221;default&#8221; title_text_color=&#8221;#297a14&#8243; title_font=&#8221;|800|||||||&#8221; hover_enabled=&#8221;0&#8243; border_width_all=&#8221;0px&#8221; global_colors_info=&#8221;{}&#8221; sticky_enabled=&#8221;0&#8243;]<\/p>\n<p>&nbsp;<\/p>\n<p><strong>Diretora-presidente:<\/strong> Francele de Abreu Carlan<\/p>\n<p><strong>Secret\u00e1ria:<\/strong> Eliane Gon\u00e7alves dos Santos<br \/><strong><\/strong><\/p>\n<p><strong>Tesoureira:<\/strong> Larissa Zancan Rodrigues<\/p>\n<p><strong>Conselho Deliberativo:<\/strong><\/p>\n<p>Sandra Maria Wirzbicki<\/p>\n<p>Rodrigo Diego de Souza<\/p>\n<p>&nbsp;<\/p>\n<p>&nbsp;<\/p>\n<p>[\/et_pb_toggle][et_pb_toggle title=&#8221;DIRETORIA  2023-2025&#8243; open=&#8221;on&#8221; open_toggle_text_color=&#8221;#297a14&#8243; open_toggle_background_color=&#8221;rgba(143,216,60,0.04)&#8221; closed_toggle_background_color=&#8221;rgba(143,216,60,0.28)&#8221; icon_color=&#8221;#297a14&#8243; toggle_icon=&#8221;&#xf067;||fa||900&#8243; open_icon_color=&#8221;#297a14&#8243; admin_label=&#8221;DIRETORIA&#8221; _builder_version=&#8221;4.24.1&#8243; _module_preset=&#8221;default&#8221; title_text_color=&#8221;#297a14&#8243; title_font=&#8221;|800|||||||&#8221; border_width_all=&#8221;0px&#8221; global_colors_info=&#8221;{}&#8221;]<\/p>\n<p>&nbsp;<\/p>\n<p><strong>Diretora-presidente:<\/strong> Prof\u00aa Dr\u00aa Sandra Wirzbicki (UFFS\/PR)<\/p>\n<p><strong>Vice-diretor:<\/strong> Prof. Dr. Marcelo Val\u00e9rio (UFPR\/PR)<\/p>\n<p><strong>Secret\u00e1ria:<\/strong> Prof\u00aa Dr\u00aa Beatriz Pereira (PMSJ\/SC)<\/p>\n<p><strong>Tesoureira:<\/strong> Prof\u00aa Dr\u00aa Larissa Zancan Rodrigues (PMSJ\/SC)<\/p>\n<p><strong>Conselho:<\/strong><br \/>Prof. Dr. Roque Ismael da Costa G\u00fcllich (UFFS\/RS)<br \/>Prof\u00aa Dr\u00aa Maria Cristina Pansera de Ara\u00fajo (UNIJU\u00cd\/RS)<br \/>Prof\u00aa Dr\u00aa Francele de Abreu Carlan<br \/>Prof. Dr. Luiz Caldeira Brant de Tolentino Neto (UFSM\/RS)<br \/>Prof. Dr. Tiago Venturi (UFPR\/PR)<\/p>\n<p>&nbsp;<\/p>\n<p>[\/et_pb_toggle][et_pb_toggle title=&#8221;DIRETORIA  2023-2024&#8243; open=&#8221;on&#8221; open_toggle_text_color=&#8221;#297a14&#8243; open_toggle_background_color=&#8221;rgba(143,216,60,0.04)&#8221; closed_toggle_background_color=&#8221;rgba(143,216,60,0.28)&#8221; icon_color=&#8221;#297a14&#8243; toggle_icon=&#8221;&#xf067;||fa||900&#8243; open_icon_color=&#8221;#297a14&#8243; admin_label=&#8221;DIRETORIA&#8221; _builder_version=&#8221;4.24.1&#8243; _module_preset=&#8221;default&#8221; title_text_color=&#8221;#297a14&#8243; title_font=&#8221;|800|||||||&#8221; border_width_all=&#8221;0px&#8221; global_colors_info=&#8221;{}&#8221;]<\/p>\n<p>&nbsp;<\/p>\n<p><strong>Diretora-presidente:<\/strong> Prof\u00aa Dr\u00aa Sandra Aparecida dos Santos (UNIDAVI\/SC)<\/p>\n<p><strong>Diretora:<\/strong> Prof\u00aa Dr\u00aa Maria Cristina Pansera de Ara\u00fajo (UNIJU\u00cd\/RS)<\/p>\n<p><strong>Secret\u00e1ria:<\/strong> Prof. Dr\u00aa Cadidja Coutinho (UFSM\/RS)<\/p>\n<p><strong>Tesoureira:<\/strong> Prof\u00aa Dr\u00aa Sandra Wirzbicki (UFFS\/PR)<\/p>\n<p>&nbsp;<\/p>\n<p><strong>Conselho:<\/strong><\/p>\n<p>Prof\u00aa MsC. Larissa Zancan Rodrigues (UFSC\/SC)<\/p>\n<p>Prof\u00aa Dr. Vilmarise Bobato UFSC\/SC)<\/p>\n<p>Prof. Dr. Luiz Caldeira Brant de Tolentino Neto (UFSM\/RS)<\/p>\n<p>Prof. Dr. Marcelo Val\u00e9rio (UFPR\/PR)<\/p>\n<p>Prof. Dr. Roque Ismael da Costa G\u00fcllich (UFFS\/RS)<\/p>\n<p>[\/et_pb_toggle][et_pb_toggle title=&#8221;DIRETORIA  2021-2023&#8243; open_toggle_text_color=&#8221;#297a14&#8243; open_toggle_background_color=&#8221;rgba(143,216,60,0.04)&#8221; closed_toggle_background_color=&#8221;rgba(143,216,60,0.28)&#8221; icon_color=&#8221;#297a14&#8243; toggle_icon=&#8221;&#xf067;||fa||900&#8243; open_icon_color=&#8221;#297a14&#8243; admin_label=&#8221;DIRETORIA&#8221; _builder_version=&#8221;4.24.1&#8243; _module_preset=&#8221;default&#8221; title_text_color=&#8221;#297a14&#8243; title_font=&#8221;|800|||||||&#8221; border_width_all=&#8221;0px&#8221; global_colors_info=&#8221;{}&#8221;]<\/p>\n<p>&nbsp;<\/p>\n<p align=\"left\" style=\"orphans: 2; widows: 2; margin-bottom: 0cm;\"><strong>Diretora-presidente:<\/strong> Marilisa Bialvo Hoffmann (UFRGS\/RS)<\/p>\n<p align=\"left\" style=\"orphans: 2; widows: 2; margin-bottom: 0cm;\"><strong>Diretor:<\/strong> Carlos Alberto de Oliveira Magalh\u00e3es J\u00fanior (UEM\/PR)<\/p>\n<p align=\"left\" style=\"orphans: 2; widows: 2; margin-bottom: 0cm;\"><strong>Secret\u00e1ria:<\/strong> B\u00e1rbara Grace Tobaldini de Lima (UFFS\/PR)<\/p>\n<p align=\"left\" style=\"orphans: 2; widows: 2; margin-bottom: 0cm;\"><strong>Tesoureira:<\/strong> Sandra Aparecida dos Santos (UNIDAVI\/SC)<\/p>\n<p align=\"left\" style=\"orphans: 2; widows: 2; margin-bottom: 0cm;\"><strong>Conselho:<\/strong><\/p>\n<p align=\"left\" style=\"orphans: 2; widows: 2; margin-bottom: 0cm;\">Adriana Mohr (UFSC\/SC)<\/p>\n<p align=\"left\" style=\"orphans: 2; widows: 2; margin-bottom: 0cm;\">Ana Lucia Olivo Rosas Moreira (UEM\/PR)<\/p>\n<p align=\"left\" style=\"orphans: 2; widows: 2; margin-bottom: 0cm;\">Maria Cristina Pansera de Ara\u00fajo (UNIJU\u00cd\/RS)<\/p>\n<p align=\"left\" style=\"orphans: 2; widows: 2; margin-bottom: 0cm;\">Marcelo Val\u00e9rio (UFPR\/PR)<\/p>\n<p align=\"left\" style=\"orphans: 2; widows: 2; margin-bottom: 0cm;\">Jos\u00e9 Pedro Pedro Simas Filho (Rede Mun. de Ensino de Florian\u00f3polis\/SC)<\/p>\n<p align=\"left\" style=\"orphans: 2; widows: 2; margin-bottom: 0cm;\">Guilherme Franco Miranda (PUC\/RS)<\/p>\n<p>[\/et_pb_toggle][et_pb_toggle title=&#8221;DIRETORIA  2017-19&#8243; open_toggle_text_color=&#8221;#297a14&#8243; open_toggle_background_color=&#8221;rgba(143,216,60,0.04)&#8221; closed_toggle_background_color=&#8221;rgba(143,216,60,0.28)&#8221; icon_color=&#8221;#297a14&#8243; toggle_icon=&#8221;&#xf067;||fa||900&#8243; open_icon_color=&#8221;#297a14&#8243; admin_label=&#8221;DIRETORIA&#8221; _builder_version=&#8221;4.24.1&#8243; _module_preset=&#8221;default&#8221; title_text_color=&#8221;#297a14&#8243; title_font=&#8221;|800|||||||&#8221; border_width_all=&#8221;0px&#8221; global_colors_info=&#8221;{}&#8221;]<\/p>\n<p>&nbsp;<\/p>\n<p align=\"left\" style=\"orphans: 2; widows: 2; margin-bottom: 0cm;\"><strong>Diretor-presidente:<\/strong> Leandro Duso (Unipampa\/RS)<\/p>\n<p align=\"left\" style=\"orphans: 2; widows: 2; margin-bottom: 0cm;\"><strong>Diretora:<\/strong> Neusa Maria Scheid (URI\/RS)<\/p>\n<p align=\"left\" style=\"orphans: 2; widows: 2; margin-bottom: 0cm;\"><strong>Secret\u00e1rio:<\/strong> Marcelo Val\u00e9rio (UFPR\/PR)<\/p>\n<p align=\"left\" style=\"orphans: 2; widows: 2; margin-bottom: 0cm;\"><strong>Tesoureira:<\/strong> Geovana Mulinari Stuani (Pref. Municipal de Chapec\u00f3\/SC)<\/p>\n<p align=\"left\" style=\"orphans: 2; widows: 2; margin-bottom: 0cm;\"><strong>Conselho:<\/strong><\/p>\n<p align=\"left\" style=\"orphans: 2; widows: 2; margin-bottom: 0cm;\">Adriana Mohr (UFSC\/SC)<\/p>\n<p align=\"left\" style=\"orphans: 2; widows: 2; margin-bottom: 0cm;\">Vera Lucia Bahl de Oliveira (UEL\/PR)<\/p>\n<p align=\"left\" style=\"orphans: 2; widows: 2; margin-bottom: 0cm;\">Patricia Barbosa Pereira (UFPR\/PR)<\/p>\n<p align=\"left\" style=\"orphans: 2; widows: 2; margin-bottom: 0cm;\">Lucio Ely Ribeiro Silv\u00e9rio (UFSC\/CED\/Col\u00e9gio de Aplica\u00e7\u00e3o)<\/p>\n<p align=\"left\" style=\"orphans: 2; widows: 2; margin-bottom: 0cm;\">Carla Adelina In\u00e1cio de Oliveira (Sec. de Educa\u00e7\u00e3o Dom Pedrito\/RS)<\/p>\n<p>[\/et_pb_toggle][et_pb_toggle title=&#8221;DIRETORIA  2014-2017&#8243; open_toggle_text_color=&#8221;#297a14&#8243; open_toggle_background_color=&#8221;rgba(143,216,60,0.04)&#8221; closed_toggle_background_color=&#8221;rgba(143,216,60,0.28)&#8221; icon_color=&#8221;#297a14&#8243; toggle_icon=&#8221;&#xf067;||fa||900&#8243; open_icon_color=&#8221;#297a14&#8243; admin_label=&#8221;DIRETORIA&#8221; _builder_version=&#8221;4.24.1&#8243; _module_preset=&#8221;default&#8221; title_text_color=&#8221;#297a14&#8243; title_font=&#8221;|800|||||||&#8221; border_width_all=&#8221;0px&#8221; global_colors_info=&#8221;{}&#8221;]<\/p>\n<p>&nbsp;<\/p>\n<p align=\"left\" style=\"orphans: 2; widows: 2; margin-bottom: 0cm;\"><strong>Diretora-presidente:<\/strong> N\u00e9li Suzana Quadros Britto (UFSC\/SC)<\/p>\n<p align=\"left\" style=\"orphans: 2; widows: 2; margin-bottom: 0cm;\"><strong>Diretora:<\/strong> Maria Cristina de Ara\u00fajo Pansera (UNIJUI\/RS)<\/p>\n<p align=\"left\" style=\"orphans: 2; widows: 2; margin-bottom: 0cm;\"><strong>Secret\u00e1rio:<\/strong> Leandro Duso (PPGECT\/SC)<\/p>\n<p align=\"left\" style=\"orphans: 2; widows: 2; margin-bottom: 0cm;\"><strong>Tesoureira:<\/strong> Marilisa Bialvo Hoffmann (UFFS\/PR)<\/p>\n<p align=\"left\" style=\"orphans: 2; widows: 2; margin-bottom: 0cm;\"><strong>Conselho:<\/strong><\/p>\n<p align=\"left\" style=\"orphans: 2; widows: 2; margin-bottom: 0cm;\">Adriana Mohr (UFSC\/SC)<\/p>\n<p align=\"left\" style=\"orphans: 2; widows: 2; margin-bottom: 0cm;\">Ana Lucia Olivo Rosas Moreira (UEM\/PR)<\/p>\n<p align=\"left\" style=\"orphans: 2; widows: 2; margin-bottom: 0cm;\">Luiz Caldeira Brant de Tolentino Neto (UFSM\/RS)<\/p>\n<p align=\"left\" style=\"orphans: 2; widows: 2; margin-bottom: 0cm;\">Nadir Castilho Delizoicov (UNOCHAPECO\/SC)<\/p>\n<p align=\"left\" style=\"orphans: 2; widows: 2; margin-bottom: 0cm;\">Roque Ismael da Costa G\u00fcllich (UFFS\/RS)<\/p>\n<p>[\/et_pb_toggle][et_pb_toggle title=&#8221;DIRETORIA  2011-2013&#8243; open_toggle_text_color=&#8221;#297a14&#8243; open_toggle_background_color=&#8221;rgba(143,216,60,0.04)&#8221; closed_toggle_background_color=&#8221;rgba(143,216,60,0.28)&#8221; icon_color=&#8221;#297a14&#8243; toggle_icon=&#8221;&#xf067;||fa||900&#8243; open_icon_color=&#8221;#297a14&#8243; admin_label=&#8221;DIRETORIA&#8221; _builder_version=&#8221;4.24.1&#8243; _module_preset=&#8221;default&#8221; title_text_color=&#8221;#297a14&#8243; title_font=&#8221;|800|||||||&#8221; border_width_all=&#8221;0px&#8221; global_colors_info=&#8221;{}&#8221;]<\/p>\n<p>&nbsp;<\/p>\n<p align=\"left\" style=\"orphans: 2; widows: 2; margin-bottom: 0cm;\"><strong>Diretora-presidente:<\/strong> Maria Cristina Pansera de Ara\u00fajo (UNIJU\u00cd\/RS)<\/p>\n<p align=\"left\" style=\"orphans: 2; widows: 2; margin-bottom: 0cm;\"><strong>Diretora:<\/strong> Mary \u00c2ngela Leivas Amorim (UFSM\/RS)<\/p>\n<p align=\"left\" style=\"orphans: 2; widows: 2; margin-bottom: 0cm;\"><strong>Secret\u00e1ria:<\/strong> Adriana Mohr (UFSC\/SC)<\/p>\n<p align=\"left\" style=\"orphans: 2; widows: 2; margin-bottom: 0cm;\"><strong>Tesoureiro:<\/strong> Leandro Duso (PPGECT\/UFSC\/SC)<\/p>\n<p align=\"left\" style=\"orphans: 2; widows: 2; margin-bottom: 0cm;\"><strong>Conselho:<\/strong><\/p>\n<p align=\"left\" style=\"orphans: 2; widows: 2; margin-bottom: 0cm;\">Christiane Gioppo Marques da Cruz (UFPR\/PR)<\/p>\n<p align=\"left\" style=\"orphans: 2; widows: 2; margin-bottom: 0cm;\">I\u00f4ne In\u00eas Pinsson Slongo (UFFS\/SC)<\/p>\n<p align=\"left\" style=\"orphans: 2; widows: 2; margin-bottom: 0cm;\">Nadir Castilho Delizoicov (UNOCHAPEC\u00d3\/SC)<\/p>\n<p align=\"left\" style=\"orphans: 2; widows: 2; margin-bottom: 0cm;\">Marcelo Val\u00e9rio (EDITORA POSITIVO\/PR)<\/p>\n<p align=\"left\" style=\"orphans: 2; widows: 2; margin-bottom: 0cm;\">Odisseia Boaventura Oliveira (UFPR\/PR)<\/p>\n<p align=\"left\" style=\"orphans: 2; widows: 2; margin-bottom: 0cm;\">Vera L\u00facia Bahl de Oliveira (UEL\/PR)<\/p>\n<p>[\/et_pb_toggle][et_pb_toggle title=&#8221;DIRETORIA  2009-2011&#8243; open_toggle_text_color=&#8221;#297a14&#8243; open_toggle_background_color=&#8221;rgba(143,216,60,0.04)&#8221; closed_toggle_background_color=&#8221;rgba(143,216,60,0.28)&#8221; icon_color=&#8221;#297a14&#8243; toggle_icon=&#8221;&#xf067;||fa||900&#8243; open_icon_color=&#8221;#297a14&#8243; admin_label=&#8221;DIRETORIA&#8221; _builder_version=&#8221;4.24.1&#8243; _module_preset=&#8221;default&#8221; title_text_color=&#8221;#297a14&#8243; title_font=&#8221;|800|||||||&#8221; border_width_all=&#8221;0px&#8221; global_colors_info=&#8221;{}&#8221;]<\/p>\n<p>&nbsp;<\/p>\n<p align=\"left\" style=\"orphans: 2; widows: 2; margin-bottom: 0cm;\"><strong>Diretora-presidente:<\/strong> Maria Cristina Pansera de Ara\u00fajo (UNIJUI\/RS)<\/p>\n<p align=\"left\" style=\"orphans: 2; widows: 2; margin-bottom: 0cm;\"><strong>Diretora:<\/strong> Christiane Gioppo (UFPR\/PR)<\/p>\n<p align=\"left\" style=\"orphans: 2; widows: 2; margin-bottom: 0cm;\"><strong>Tesoureira:<\/strong> Neusa Maria John Scheid (URI-Santo \u00c2ngelo\/RS)<\/p>\n<p align=\"left\" style=\"orphans: 2; widows: 2; margin-bottom: 0cm;\"><strong>Secret\u00e1ria:<\/strong> Adriana Mohr (UFSC\/SC)<\/p>\n<p align=\"left\" style=\"orphans: 2; widows: 2; margin-bottom: 0cm;\"><strong>Conselho:<\/strong><\/p>\n<p align=\"left\" style=\"orphans: 2; widows: 2; margin-bottom: 0cm;\">I\u00f4ne Pinsson Slongo (UNOCHAPEC\u00d3\/SC)<\/p>\n<p align=\"left\" style=\"orphans: 2; widows: 2; margin-bottom: 0cm;\">Marcelo Val\u00e9rio (EDITORA POSITIVO\/PR)<\/p>\n<p align=\"left\" style=\"orphans: 2; widows: 2; margin-bottom: 0cm;\">Maria Cristina Schlichting (UNICENP\/PR)<\/p>\n<p align=\"left\" style=\"orphans: 2; widows: 2; margin-bottom: 0cm;\">Nadir Castilho Delizoicov (UNOCHAPEC\u00d3\/SC)<\/p>\n<p align=\"left\" style=\"orphans: 2; widows: 2; margin-bottom: 0cm;\">Odiss\u00e9a Boaventura de Oliveira (UFPR\/PR)<\/p>\n<p align=\"left\" style=\"orphans: 2; widows: 2; margin-bottom: 0cm;\">Vivian Leyser (UFSC\/SC)<\/p>\n<p>[\/et_pb_toggle][et_pb_toggle title=&#8221;DIRETORIA  2006-2009&#8243; open_toggle_text_color=&#8221;#297a14&#8243; open_toggle_background_color=&#8221;rgba(143,216,60,0.04)&#8221; closed_toggle_background_color=&#8221;rgba(143,216,60,0.28)&#8221; icon_color=&#8221;#297a14&#8243; toggle_icon=&#8221;&#xf067;||fa||900&#8243; open_icon_color=&#8221;#297a14&#8243; admin_label=&#8221;DIRETORIA&#8221; _builder_version=&#8221;4.24.1&#8243; _module_preset=&#8221;default&#8221; title_text_color=&#8221;#297a14&#8243; title_font=&#8221;|800|||||||&#8221; border_width_all=&#8221;0px&#8221; global_colors_info=&#8221;{}&#8221;]<\/p>\n<p>&nbsp;<\/p>\n<p align=\"left\" style=\"orphans: 2; widows: 2; margin-bottom: 0cm;\"><strong>Diretora-presidente:<\/strong> Adriana Mohr (UFSC\/SC)<\/p>\n<p align=\"left\" style=\"orphans: 2; widows: 2; margin-bottom: 0cm;\"><strong>Diretora:<\/strong> Christiane Gioppo (UFPR\/PR)<\/p>\n<p align=\"left\" style=\"orphans: 2; widows: 2; margin-bottom: 0cm;\"><strong>Secret\u00e1ria:<\/strong> Vivian Leyser (UFSC\/SC)<\/p>\n<p align=\"left\" style=\"orphans: 2; widows: 2; margin-bottom: 0cm;\"><strong>Tesoureira:<\/strong> Maria Cristina Pansera de Ara\u00fajo (UNIJUI\/RS)<\/p>\n<p align=\"left\" style=\"orphans: 2; widows: 2; margin-bottom: 0cm;\"><strong>Conselho:<\/strong><\/p>\n<p align=\"left\" style=\"orphans: 2; widows: 2; margin-bottom: 0cm;\">Maria Cristina Schlichting (UNICENP\/PR)<\/p>\n<p align=\"left\" style=\"orphans: 2; widows: 2; margin-bottom: 0cm;\">Ione Pinsson Slongo (UNOCHAPECO\/SC)<\/p>\n<p align=\"left\" style=\"orphans: 2; widows: 2; margin-bottom: 0cm;\">Nadir Castilho Delizoicov (UNOESC\/SC)<\/p>\n<p align=\"left\" style=\"orphans: 2; widows: 2; margin-bottom: 0cm;\">Neusa Maria John Scheid (URI-Santo \u00c2ngelo\/RS)<\/p>\n<p align=\"left\" style=\"orphans: 2; widows: 2; margin-bottom: 0cm;\">Odissea Boaventura dos Santos (UFPR\/PR)<\/p>\n<p>[\/et_pb_toggle][et_pb_toggle title=&#8221;DIRETORIA  2004-2006&#8243; open_toggle_text_color=&#8221;#297a14&#8243; open_toggle_background_color=&#8221;rgba(143,216,60,0.04)&#8221; closed_toggle_background_color=&#8221;rgba(143,216,60,0.28)&#8221; icon_color=&#8221;#297a14&#8243; toggle_icon=&#8221;&#xf067;||fa||900&#8243; open_icon_color=&#8221;#297a14&#8243; admin_label=&#8221;DIRETORIA&#8221; _builder_version=&#8221;4.24.1&#8243; _module_preset=&#8221;default&#8221; title_text_color=&#8221;#297a14&#8243; title_font=&#8221;|800|||||||&#8221; border_width_all=&#8221;0px&#8221; global_colors_info=&#8221;{}&#8221;]<\/p>\n<p>&nbsp;<\/p>\n<p align=\"left\" style=\"orphans: 2; widows: 2; margin-bottom: 0cm;\"><strong>Diretora-presidente:<\/strong> Adriana Mohr (UFSC\/SC)<\/p>\n<p align=\"left\" style=\"orphans: 2; widows: 2; margin-bottom: 0cm;\"><strong>Diretora:<\/strong> Maria Cristina Schlichting (UNICENP\/PR)<\/p>\n<p align=\"left\" style=\"orphans: 2; widows: 2; margin-bottom: 0cm;\"><strong>Secret\u00e1ria:<\/strong> Vivian Leyser (UFSC\/SC)<\/p>\n<p align=\"left\" style=\"orphans: 2; widows: 2; margin-bottom: 0cm;\"><strong>Tesoureira:<\/strong> Maria Cristina Pansera de Ara\u00fajo (UNIJUI\/RS)<\/p>\n<p align=\"left\" style=\"orphans: 2; widows: 2; margin-bottom: 0cm;\"><strong>Conselho:<\/strong><\/p>\n<p align=\"left\" style=\"orphans: 2; widows: 2; margin-bottom: 0cm;\">Christiane Gioppo (UFPR\/PR)<\/p>\n<p align=\"left\" style=\"orphans: 2; widows: 2; margin-bottom: 0cm;\">Nadir Castilho Delizoicov (UNOESC\/SC)<\/p>\n<p align=\"left\" style=\"orphans: 2; widows: 2; margin-bottom: 0cm;\">Suzani Cassiani de Souza (UFSC\/SC<\/p>\n<p align=\"left\" style=\"orphans: 2; widows: 2; margin-bottom: 0cm;\">Carlos Eduardo Pilleggi de Souza (UNIPLAC\/SC)<\/p>\n<p>[\/et_pb_toggle][et_pb_toggle title=&#8221;DIRETORIA  2002-2004&#8243; open_toggle_text_color=&#8221;#297a14&#8243; open_toggle_background_color=&#8221;rgba(143,216,60,0.04)&#8221; closed_toggle_background_color=&#8221;rgba(143,216,60,0.28)&#8221; icon_color=&#8221;#297a14&#8243; toggle_icon=&#8221;&#xf067;||fa||900&#8243; open_icon_color=&#8221;#297a14&#8243; admin_label=&#8221;DIRETORIA&#8221; _builder_version=&#8221;4.24.1&#8243; _module_preset=&#8221;default&#8221; title_text_color=&#8221;#297a14&#8243; title_font=&#8221;|800|||||||&#8221; border_width_all=&#8221;0px&#8221; global_colors_info=&#8221;{}&#8221;]<\/p>\n<p>&nbsp;<\/p>\n<p align=\"left\" style=\"orphans: 2; widows: 2; margin-bottom: 0cm;\"><strong>Diretora-presidente:<\/strong> Vivian Leyser (UFSC\/SC)<\/p>\n<p align=\"left\" style=\"orphans: 2; widows: 2; margin-bottom: 0cm;\"><strong>Diretora:<\/strong> Maria Cristina Schlichting (UNICENP\/PR)<\/p>\n<p align=\"left\" style=\"orphans: 2; widows: 2; margin-bottom: 0cm;\"><strong>Secretaria:<\/strong> Adriana Mohr (UFSC\/SC)<\/p>\n<p align=\"left\" style=\"orphans: 2; widows: 2; margin-bottom: 0cm;\"><strong>Tesoureira:<\/strong> Maria Cristina Pansera de Ara\u00fajo (UNIJU\u00cd\/RS)<\/p>\n<p align=\"left\" style=\"orphans: 2; widows: 2; margin-bottom: 0cm;\"><strong>Conselho:<\/strong><\/p>\n<p align=\"left\" style=\"orphans: 2; widows: 2; margin-bottom: 0cm;\">N\u00e3o existente<\/p>\n<p>&nbsp;<\/p>\n<p>[\/et_pb_toggle][et_pb_toggle title=&#8221;DIRETORIA  2000-2002&#8243; open_toggle_text_color=&#8221;#297a14&#8243; open_toggle_background_color=&#8221;rgba(143,216,60,0.04)&#8221; closed_toggle_background_color=&#8221;rgba(143,216,60,0.28)&#8221; icon_color=&#8221;#297a14&#8243; toggle_icon=&#8221;&#xf067;||fa||900&#8243; open_icon_color=&#8221;#297a14&#8243; admin_label=&#8221;DIRETORIA&#8221; _builder_version=&#8221;4.24.1&#8243; _module_preset=&#8221;default&#8221; title_text_color=&#8221;#297a14&#8243; title_font=&#8221;|800|||||||&#8221; border_width_all=&#8221;0px&#8221; global_colors_info=&#8221;{}&#8221;]<\/p>\n<p><strong>Diretora-presidente:<\/strong> Vivian Leyser (UFSC\/SC)<br \/><strong>Diretora:<\/strong> Christiane Gioppo (UFPR\/PR)<br \/><strong>Tesoureira:<\/strong> Maria Cristina Pansera de Ara\u00fajo (UNIJU\u00cd\/RS)<\/p>\n<p><strong>Conselho<\/strong><\/p>\n<p>Conselho: n\u00e3o existente<\/p>\n<p>[\/et_pb_toggle][et_pb_toggle title=&#8221;DIRETORIA  1997-2000&#8243; open_toggle_text_color=&#8221;#297a14&#8243; open_toggle_background_color=&#8221;rgba(143,216,60,0.04)&#8221; closed_toggle_background_color=&#8221;rgba(143,216,60,0.28)&#8221; icon_color=&#8221;#297a14&#8243; toggle_icon=&#8221;&#xf067;||fa||900&#8243; open_icon_color=&#8221;#297a14&#8243; admin_label=&#8221;DIRETORIA&#8221; _builder_version=&#8221;4.24.1&#8243; _module_preset=&#8221;default&#8221; title_text_color=&#8221;#297a14&#8243; title_font=&#8221;|800|||||||&#8221; border_width_all=&#8221;0px&#8221; global_colors_info=&#8221;{}&#8221;]<\/p>\n<p><strong>Diretora-presidente:<\/strong> Vivian Leyser (UFSC\/SC)<br \/><strong>Diretora:<\/strong> Christiane Gioppo (UFPR\/PR)<br \/><strong>Tesoureira:<\/strong> Maria Cristina Pansera de Ara\u00fajo (UNIJU\u00cd\/RS)<\/p>\n<p><strong>Conselho<\/strong><\/p>\n<p>mudar para &#8220;Conselho: n\u00e3o existente<\/p>\n<p>[\/et_pb_toggle][\/et_pb_column][\/et_pb_row][\/et_pb_section]<\/p>\n","protected":false},"excerpt":{"rendered":"<p>DIRETORIA REGIONAL&nbsp; Diretora-presidente: Francele de Abreu Carlan Secret\u00e1ria: Eliane Gon\u00e7alves dos Santos Tesoureira: Larissa Zancan Rodrigues Conselho Deliberativo: Sandra Maria Wirzbicki Rodrigo Diego de Souza &nbsp; &nbsp;&nbsp; Diretora-presidente: Prof\u00aa Dr\u00aa Sandra Wirzbicki (UFFS\/PR) Vice-diretor: Prof. Dr. Marcelo Val\u00e9rio (UFPR\/PR) Secret\u00e1ria: Prof\u00aa Dr\u00aa Beatriz Pereira (PMSJ\/SC) Tesoureira: Prof\u00aa Dr\u00aa Larissa Zancan Rodrigues (PMSJ\/SC) Conselho:Prof. Dr. Roque [&hellip;]<\/p>\n","protected":false},"author":2,"featured_media":0,"parent":0,"menu_order":0,"comment_status":"closed","ping_status":"closed","template":"","meta":{"_et_pb_use_builder":"on","_et_pb_old_content":"","_et_gb_content_width":"","footnotes":""},"class_list":["post-142","page","type-page","status-publish","hentry"],"_links":{"self":[{"href":"https:\/\/regional3.sbenbio.org.br\/index.php\/wp-json\/wp\/v2\/pages\/142","targetHints":{"allow":["GET"]}}],"collection":[{"href":"https:\/\/regional3.sbenbio.org.br\/index.php\/wp-json\/wp\/v2\/pages"}],"about":[{"href":"https:\/\/regional3.sbenbio.org.br\/index.php\/wp-json\/wp\/v2\/types\/page"}],"author":[{"embeddable":true,"href":"https:\/\/regional3.sbenbio.org.br\/index.php\/wp-json\/wp\/v2\/users\/2"}],"replies":[{"embeddable":true,"href":"https:\/\/regional3.sbenbio.org.br\/index.php\/wp-json\/wp\/v2\/comments?post=142"}],"version-history":[{"count":21,"href":"https:\/\/regional3.sbenbio.org.br\/index.php\/wp-json\/wp\/v2\/pages\/142\/revisions"}],"predecessor-version":[{"id":384,"href":"https:\/\/regional3.sbenbio.org.br\/index.php\/wp-json\/wp\/v2\/pages\/142\/revisions\/384"}],"wp:attachment":[{"href":"https:\/\/regional3.sbenbio.org.br\/index.php\/wp-json\/wp\/v2\/media?parent=142"}],"curies":[{"name":"wp","href":"https:\/\/api.w.org\/{rel}","templated":true}]}}